{"id":22,"date":"2025-06-25T19:21:49","date_gmt":"2025-06-25T17:21:49","guid":{"rendered":"https:\/\/mechthildwiesner.de\/MW\/?page_id=22"},"modified":"2025-06-27T12:43:15","modified_gmt":"2025-06-27T10:43:15","slug":"ueber-mw","status":"publish","type":"page","link":"https:\/\/mechthildwiesner.de\/MW\/ueber-mw\/","title":{"rendered":"\u00dcber MW"},"content":{"rendered":"\n<p class=\"has-small-font-size\">Mein Name ist Mechthild Wiesner.<\/p>\n\n\n\n<p class=\"has-small-font-size\">Meine Leidenschaft f\u00fcr Comics geht bis in meine fr\u00fche Kindheit zur\u00fcck. Bei meinem Germanistikstudium an der Goethe-Universit\u00e4t in Frankfurt am Main mit dem Schwerpunkt Jugendbuch habe ich meine Magisterarbeit \u00fcber Shojo-Manga, also Manga f\u00fcr M\u00e4dchen, anhand des Autorinnenkollektivs CLAMP geschrieben.<\/p>\n\n\n\n<p class=\"has-small-font-size\">Schon w\u00e4hrend meines Studiums fing ich an \u00fcber Comics und Manga f\u00fcr die Fachzeitschrift f\u00fcr Kinder- und Jugendmedien Eselsohr zu schreiben. Sp\u00e4ter kamen weitere Online- wie Printmagazine, aber auch Tageszeitungen wie die Frankfurter Allgemeine Zeitung oder die Frankfurter Rundschau hinzu. Prim\u00e4r schreibe ich f\u00fcr Alfonz, der Comicreoprter und weitere Comicfachmagazine.<\/p>\n\n\n\n<p class=\"has-small-font-size\">Dar\u00fcber hinaus arbeite ich mit Universit\u00e4ten zusammen und halte Fachvortr\u00e4ge bei diversen Comicveranstaltungen. In Workshops arbeite ich au\u00dferdem mit Kindern zu und mit Comics.<\/p>\n\n\n\n<p class=\"has-small-font-size\">Durch den Leseeinstieg meiner eigenen Kinder habe ich angefangen mich mit dem Leseerwerb zu befassen und habe selbst einen neuen Blick auf Comics gewonnen. So wurde das Thema \u201eLesen lernen mit Comics\u201c ein aktueller Schwerpunkt, mit dem ich Erwachsene in der Begleitung und Kinder bem\u00e4chtigen m\u00f6chte, Lesekompetenz zu st\u00e4rken und aufzubauen.<\/p>\n\n\n\n<p><\/p>\n","protected":false},"excerpt":{"rendered":"<p>Mein Name ist Mechthild Wiesner. Meine Leidenschaft f\u00fcr Comics geht bis in meine fr\u00fche Kindheit zur\u00fcck. Bei meinem Germanistikstudium an der Goethe-Universit\u00e4t in Frankfurt am Main mit dem Schwerpunkt Jugendbuch habe ich meine Magisterarbeit \u00fcber Shojo-Manga, also Manga f\u00fcr M\u00e4dchen, anhand des Autorinnenkollektivs CLAMP geschrieben. Schon w\u00e4hrend meines Studiums fing ich an \u00fcber Comics und [&hellip;]<\/p>\n","protected":false},"author":1,"featured_media":0,"parent":0,"menu_order":0,"comment_status":"closed","ping_status":"closed","template":"","meta":{"footnotes":""},"class_list":["post-22","page","type-page","status-publish","hentry"],"_links":{"self":[{"href":"https:\/\/mechthildwiesner.de\/MW\/wp-json\/wp\/v2\/pages\/22","targetHints":{"allow":["GET"]}}],"collection":[{"href":"https:\/\/mechthildwiesner.de\/MW\/wp-json\/wp\/v2\/pages"}],"about":[{"href":"https:\/\/mechthildwiesner.de\/MW\/wp-json\/wp\/v2\/types\/page"}],"author":[{"embeddable":true,"href":"https:\/\/mechthildwiesner.de\/MW\/wp-json\/wp\/v2\/users\/1"}],"replies":[{"embeddable":true,"href":"https:\/\/mechthildwiesner.de\/MW\/wp-json\/wp\/v2\/comments?post=22"}],"version-history":[{"count":3,"href":"https:\/\/mechthildwiesner.de\/MW\/wp-json\/wp\/v2\/pages\/22\/revisions"}],"predecessor-version":[{"id":55,"href":"https:\/\/mechthildwiesner.de\/MW\/wp-json\/wp\/v2\/pages\/22\/revisions\/55"}],"wp:attachment":[{"href":"https:\/\/mechthildwiesner.de\/MW\/wp-json\/wp\/v2\/media?parent=22"}],"curies":[{"name":"wp","href":"https:\/\/api.w.org\/{rel}","templated":true}]}}